{"id":8470,"date":"2023-09-14T07:15:23","date_gmt":"2023-09-14T07:15:23","guid":{"rendered":"https:\/\/exkalsa.com\/?post_type=connect&#038;p=8470"},"modified":"2023-09-14T11:55:37","modified_gmt":"2023-09-14T11:55:37","slug":"reformes-au-parlement-europeen-liees-au-f-gas","status":"publish","type":"connect","link":"https:\/\/exkalsa.com\/fr\/connect\/reformes-au-parlement-europeen-liees-au-f-gas\/","title":{"rendered":"R\u00e9formes au Parlement europ\u00e9en li\u00e9es au F-GAS"},"content":{"rendered":"\t\t<div data-elementor-type=\"wp-post\" data-elementor-id=\"8470\" class=\"elementor elementor-8470 elementor-8090\" data-elementor-post-type=\"connect\">\n\t\t\t\t\t\t<section class=\"elementor-section elementor-top-section elementor-element elementor-element-71e4d515 elementor-section-boxed elementor-section-height-default elementor-section-height-default\" data-id=\"71e4d515\" data-element_type=\"section\" data-e-type=\"section\">\n\t\t\t\t\t\t<div class=\"elementor-container elementor-column-gap-default\">\n\t\t\t\t\t<div class=\"elementor-column elementor-col-100 elementor-top-column elementor-element elementor-element-d8fb39a\" data-id=\"d8fb39a\" data-element_type=\"column\" data-e-type=\"column\">\n\t\t\t<div class=\"elementor-widget-wrap elementor-element-populated\">\n\t\t\t\t\t\t<div class=\"elementor-element elementor-element-2599d8ba elementor-widget elementor-widget-text-editor\" data-id=\"2599d8ba\" data-element_type=\"widget\" data-e-type=\"widget\" data-widget_type=\"text-editor.default\">\n\t\t\t\t<div class=\"elementor-widget-container\">\n\t\t\t\t\t\t\t\t\t<p>Le 30\u00a0mars dernier, le Parlement europ\u00e9en a approuv\u00e9 des r\u00e9formes majeures concernant la r\u00e9glementation F-Gaz. Les d\u00e9put\u00e9s ont en effet adopt\u00e9 leur position sur la r\u00e9vision de ce texte.<\/p><p>En cons\u00e9quence, le secteur de la r\u00e9frig\u00e9ration se retrouve confront\u00e9 \u00e0 un d\u00e9fi sans pr\u00e9c\u00e9dent. La cha\u00eene du froid va devoir op\u00e9rer un changement de strat\u00e9gie autour des solutions des II FF \u00e0 court terme, qu\u2019il s\u2019agisse de nouveaux \u00e9quipements ou d\u2019installations existantes.<\/p><p>Dans les grandes lignes\u00a0:<\/p><ul><li><strong> \u00c9liminer tous les r\u00e9frig\u00e9rants contenant du fluor (HFC &#8211; HFO) dans le secteur de la r\u00e9frig\u00e9ration \u00e0 partir de 2025<\/strong> et tous les r\u00e9frig\u00e9rants d\u2019ici 2050.<\/li><li>R\u00e9duire progressivement les HFC sur le march\u00e9 de l\u2019UE \u00e0 partir de 2039, avec une \u00e9limination totale de la production et de la consommation d\u2019HFC d\u2019ici 2050 (annexe\u00a0VII).<\/li><li>Permettre aux autorit\u00e9s douani\u00e8res de saisir et de confisquer les gaz fluor\u00e9s import\u00e9s ou export\u00e9s ill\u00e9galement, conform\u00e9ment \u00e0 la future directive sur les infractions environnementales.<\/li><li><strong>\u00c0 partir de 2024, seuls 23,6\u00a0% de la quantit\u00e9 de gaz fluor\u00e9s utilis\u00e9e en 2015 seront mis sur le march\u00e9. \u00c0 partir de 2027, ce pourcentage passera \u00e0 11\u00a0% pour se rapprocher progressivement de z\u00e9ro \u00e0 l\u2019horizon 2050 en chutant de fa\u00e7on s\u00e9v\u00e8re<\/strong>. Les r\u00e9ductions les plus importantes auront lieu \u00e0 partir de 2024.<\/li><li>\u00c9tendre le syst\u00e8me actuel de formation et de certification F-Gaz aux r\u00e9frig\u00e9rants alternatifs.<\/li><\/ul>\t\t\t\t\t\t\t\t<\/div>\n\t\t\t\t<\/div>\n\t\t\t\t<section class=\"elementor-section elementor-inner-section elementor-element elementor-element-dd8408b elementor-section-boxed elementor-section-height-default elementor-section-height-default\" data-id=\"dd8408b\" data-element_type=\"section\" data-e-type=\"section\">\n\t\t\t\t\t\t<div class=\"elementor-container elementor-column-gap-default\">\n\t\t\t\t\t<div class=\"elementor-column elementor-col-50 elementor-inner-column elementor-element elementor-element-66edf47\" data-id=\"66edf47\" data-element_type=\"column\" data-e-type=\"column\">\n\t\t\t<div class=\"elementor-widget-wrap elementor-element-populated\">\n\t\t\t\t\t\t<div class=\"elementor-element elementor-element-ed009be elementor-widget elementor-widget-image\" data-id=\"ed009be\" data-element_type=\"widget\" data-e-type=\"widget\" data-widget_type=\"image.default\">\n\t\t\t\t<div class=\"elementor-widget-container\">\n\t\t\t\t\t\t\t\t\t\t\t\t\t\t\t<img fetchpriority=\"high\" decoding=\"async\" width=\"233\" height=\"431\" src=\"https:\/\/exkalsa.com\/wp-content\/uploads\/2023\/08\/Imagen-1.png\" class=\"attachment-large size-large wp-image-8304\" alt=\"\" srcset=\"https:\/\/exkalsa.com\/wp-content\/uploads\/2023\/08\/Imagen-1.png 233w, https:\/\/exkalsa.com\/wp-content\/uploads\/2023\/08\/Imagen-1-162x300.png 162w\" sizes=\"(max-width: 233px) 100vw, 233px\" \/>\t\t\t\t\t\t\t\t\t\t\t\t\t\t\t<\/div>\n\t\t\t\t<\/div>\n\t\t\t\t\t<\/div>\n\t\t<\/div>\n\t\t\t\t<div class=\"elementor-column elementor-col-50 elementor-inner-column elementor-element elementor-element-fa3d08b\" data-id=\"fa3d08b\" data-element_type=\"column\" data-e-type=\"column\">\n\t\t\t<div class=\"elementor-widget-wrap elementor-element-populated\">\n\t\t\t\t\t\t<div class=\"elementor-element elementor-element-07f85f9 elementor-widget elementor-widget-text-editor\" data-id=\"07f85f9\" data-element_type=\"widget\" data-e-type=\"widget\" data-widget_type=\"text-editor.default\">\n\t\t\t\t<div class=\"elementor-widget-container\">\n\t\t\t\t\t\t\t\t\t<p><strong><u>\u00c9<\/u><\/strong><strong><u>tiquetage \u00e9nerg\u00e9tique \u00c9COLABEL \u2013 cadre europ\u00e9en<\/u><\/strong><\/p><p>L\u2019indice d\u2019efficacit\u00e9 \u00e9nerg\u00e9tique a \u00e9t\u00e9 d\u00e9fini pour continuer \u00e0 am\u00e9liorer les performances \u00e9nerg\u00e9tiques.<\/p><p>La phase suivante approche, car \u00e0 compter du <strong>01\/09\/2023<\/strong>, seule la commercialisation de mod\u00e8les poss\u00e9dant un <strong>IEE inf\u00e9rieur ou \u00e9gal \u00e0 80\u00a0%<\/strong> sera autoris\u00e9e. Ainsi, la vente de meubles de <strong>classe\u00a0G sera interdite<\/strong>, ce qui laissera place \u00e0 des mod\u00e8les plus efficaces permettant d\u2019am\u00e9liorer l\u2019efficacit\u00e9 globale des \u00e9quipements r\u00e9frig\u00e9r\u00e9s.<\/p>\t\t\t\t\t\t\t\t<\/div>\n\t\t\t\t<\/div>\n\t\t\t\t\t<\/div>\n\t\t<\/div>\n\t\t\t\t\t<\/div>\n\t\t<\/section>\n\t\t\t\t\t<\/div>\n\t\t<\/div>\n\t\t\t\t\t<\/div>\n\t\t<\/section>\n\t\t\t\t<\/div>\n\t\t","protected":false},"excerpt":{"rendered":"<p>Le 30\u00a0mars dernier, le Parlement europ\u00e9en a approuv\u00e9 des r\u00e9formes majeures concernant la r\u00e9glementation F-Gaz. Les d\u00e9put\u00e9s ont en effet adopt\u00e9 leur position sur la r\u00e9vision de ce texte. En cons\u00e9quence, le secteur de la r\u00e9frig\u00e9ration se retrouve confront\u00e9 \u00e0 un d\u00e9fi sans pr\u00e9c\u00e9dent. La cha\u00eene du froid va devoir op\u00e9rer un changement de strat\u00e9gie [&hellip;]<\/p>\n","protected":false},"featured_media":8311,"template":"","categoria_connect":[33],"class_list":["post-8470","connect","type-connect","status-publish","has-post-thumbnail","hentry","categoria_connect-regulations"],"yoast_head":"<!-- This site is optimized with the Yoast SEO plugin v27.1.1 - https:\/\/yoast.com\/product\/yoast-seo-wordpress\/ -->\n<title>R\u00e9formes au Parlement europ\u00e9en li\u00e9es au F-GAS - Exkal<\/title>\n<meta name=\"robots\" content=\"index, follow, max-snippet:-1, max-image-preview:large, max-video-preview:-1\" \/>\n<link rel=\"canonical\" href=\"https:\/\/exkalsa.com\/fr\/connect\/reformes-au-parlement-europeen-liees-au-f-gas\/\" \/>\n<meta property=\"og:locale\" content=\"fr_FR\" \/>\n<meta property=\"og:type\" content=\"article\" \/>\n<meta property=\"og:title\" content=\"R\u00e9formes au Parlement europ\u00e9en li\u00e9es au F-GAS - Exkal\" \/>\n<meta property=\"og:description\" content=\"Le 30\u00a0mars dernier, le Parlement europ\u00e9en a approuv\u00e9 des r\u00e9formes majeures concernant la r\u00e9glementation F-Gaz. Les d\u00e9put\u00e9s ont en effet adopt\u00e9 leur position sur la r\u00e9vision de ce texte. En cons\u00e9quence, le secteur de la r\u00e9frig\u00e9ration se retrouve confront\u00e9 \u00e0 un d\u00e9fi sans pr\u00e9c\u00e9dent. La cha\u00eene du froid va devoir op\u00e9rer un changement de strat\u00e9gie [&hellip;]\" \/>\n<meta property=\"og:url\" content=\"https:\/\/exkalsa.com\/fr\/connect\/reformes-au-parlement-europeen-liees-au-f-gas\/\" \/>\n<meta property=\"og:site_name\" content=\"Exkal\" \/>\n<meta property=\"article:modified_time\" content=\"2023-09-14T11:55:37+00:00\" \/>\n<meta property=\"og:image\" content=\"https:\/\/exkalsa.com\/wp-content\/uploads\/2023\/08\/F-gas.jpg\" \/>\n\t<meta property=\"og:image:width\" content=\"507\" \/>\n\t<meta property=\"og:image:height\" content=\"269\" \/>\n\t<meta property=\"og:image:type\" content=\"image\/jpeg\" \/>\n<meta name=\"twitter:card\" content=\"summary_large_image\" \/>\n<meta name=\"twitter:label1\" content=\"Dur\u00e9e de lecture estim\u00e9e\" \/>\n\t<meta name=\"twitter:data1\" content=\"2 minutes\" \/>\n<script type=\"application\/ld+json\" class=\"yoast-schema-graph\">{\"@context\":\"https:\/\/schema.org\",\"@graph\":[{\"@type\":\"WebPage\",\"@id\":\"https:\/\/exkalsa.com\/fr\/connect\/reformes-au-parlement-europeen-liees-au-f-gas\/\",\"url\":\"https:\/\/exkalsa.com\/fr\/connect\/reformes-au-parlement-europeen-liees-au-f-gas\/\",\"name\":\"R\u00e9formes au Parlement europ\u00e9en li\u00e9es au F-GAS - Exkal\",\"isPartOf\":{\"@id\":\"https:\/\/exkalsa.com\/fr\/#website\"},\"primaryImageOfPage\":{\"@id\":\"https:\/\/exkalsa.com\/fr\/connect\/reformes-au-parlement-europeen-liees-au-f-gas\/#primaryimage\"},\"image\":{\"@id\":\"https:\/\/exkalsa.com\/fr\/connect\/reformes-au-parlement-europeen-liees-au-f-gas\/#primaryimage\"},\"thumbnailUrl\":\"https:\/\/exkalsa.com\/wp-content\/uploads\/2023\/08\/F-gas.jpg\",\"datePublished\":\"2023-09-14T07:15:23+00:00\",\"dateModified\":\"2023-09-14T11:55:37+00:00\",\"inLanguage\":\"fr-FR\",\"potentialAction\":[{\"@type\":\"ReadAction\",\"target\":[\"https:\/\/exkalsa.com\/fr\/connect\/reformes-au-parlement-europeen-liees-au-f-gas\/\"]}]},{\"@type\":\"ImageObject\",\"inLanguage\":\"fr-FR\",\"@id\":\"https:\/\/exkalsa.com\/fr\/connect\/reformes-au-parlement-europeen-liees-au-f-gas\/#primaryimage\",\"url\":\"https:\/\/exkalsa.com\/wp-content\/uploads\/2023\/08\/F-gas.jpg\",\"contentUrl\":\"https:\/\/exkalsa.com\/wp-content\/uploads\/2023\/08\/F-gas.jpg\",\"width\":507,\"height\":269},{\"@type\":\"WebSite\",\"@id\":\"https:\/\/exkalsa.com\/fr\/#website\",\"url\":\"https:\/\/exkalsa.com\/fr\/\",\"name\":\"Exkal\",\"description\":\"\",\"potentialAction\":[{\"@type\":\"SearchAction\",\"target\":{\"@type\":\"EntryPoint\",\"urlTemplate\":\"https:\/\/exkalsa.com\/fr\/?s={search_term_string}\"},\"query-input\":{\"@type\":\"PropertyValueSpecification\",\"valueRequired\":true,\"valueName\":\"search_term_string\"}}],\"inLanguage\":\"fr-FR\"}]}<\/script>\n<!-- \/ Yoast SEO plugin. -->","yoast_head_json":{"title":"R\u00e9formes au Parlement europ\u00e9en li\u00e9es au F-GAS - Exkal","robots":{"index":"index","follow":"follow","max-snippet":"max-snippet:-1","max-image-preview":"max-image-preview:large","max-video-preview":"max-video-preview:-1"},"canonical":"https:\/\/exkalsa.com\/fr\/connect\/reformes-au-parlement-europeen-liees-au-f-gas\/","og_locale":"fr_FR","og_type":"article","og_title":"R\u00e9formes au Parlement europ\u00e9en li\u00e9es au F-GAS - Exkal","og_description":"Le 30\u00a0mars dernier, le Parlement europ\u00e9en a approuv\u00e9 des r\u00e9formes majeures concernant la r\u00e9glementation F-Gaz. Les d\u00e9put\u00e9s ont en effet adopt\u00e9 leur position sur la r\u00e9vision de ce texte. En cons\u00e9quence, le secteur de la r\u00e9frig\u00e9ration se retrouve confront\u00e9 \u00e0 un d\u00e9fi sans pr\u00e9c\u00e9dent. La cha\u00eene du froid va devoir op\u00e9rer un changement de strat\u00e9gie [&hellip;]","og_url":"https:\/\/exkalsa.com\/fr\/connect\/reformes-au-parlement-europeen-liees-au-f-gas\/","og_site_name":"Exkal","article_modified_time":"2023-09-14T11:55:37+00:00","og_image":[{"width":507,"height":269,"url":"https:\/\/exkalsa.com\/wp-content\/uploads\/2023\/08\/F-gas.jpg","type":"image\/jpeg"}],"twitter_card":"summary_large_image","twitter_misc":{"Dur\u00e9e de lecture estim\u00e9e":"2 minutes"},"schema":{"@context":"https:\/\/schema.org","@graph":[{"@type":"WebPage","@id":"https:\/\/exkalsa.com\/fr\/connect\/reformes-au-parlement-europeen-liees-au-f-gas\/","url":"https:\/\/exkalsa.com\/fr\/connect\/reformes-au-parlement-europeen-liees-au-f-gas\/","name":"R\u00e9formes au Parlement europ\u00e9en li\u00e9es au F-GAS - Exkal","isPartOf":{"@id":"https:\/\/exkalsa.com\/fr\/#website"},"primaryImageOfPage":{"@id":"https:\/\/exkalsa.com\/fr\/connect\/reformes-au-parlement-europeen-liees-au-f-gas\/#primaryimage"},"image":{"@id":"https:\/\/exkalsa.com\/fr\/connect\/reformes-au-parlement-europeen-liees-au-f-gas\/#primaryimage"},"thumbnailUrl":"https:\/\/exkalsa.com\/wp-content\/uploads\/2023\/08\/F-gas.jpg","datePublished":"2023-09-14T07:15:23+00:00","dateModified":"2023-09-14T11:55:37+00:00","inLanguage":"fr-FR","potentialAction":[{"@type":"ReadAction","target":["https:\/\/exkalsa.com\/fr\/connect\/reformes-au-parlement-europeen-liees-au-f-gas\/"]}]},{"@type":"ImageObject","inLanguage":"fr-FR","@id":"https:\/\/exkalsa.com\/fr\/connect\/reformes-au-parlement-europeen-liees-au-f-gas\/#primaryimage","url":"https:\/\/exkalsa.com\/wp-content\/uploads\/2023\/08\/F-gas.jpg","contentUrl":"https:\/\/exkalsa.com\/wp-content\/uploads\/2023\/08\/F-gas.jpg","width":507,"height":269},{"@type":"WebSite","@id":"https:\/\/exkalsa.com\/fr\/#website","url":"https:\/\/exkalsa.com\/fr\/","name":"Exkal","description":"","potentialAction":[{"@type":"SearchAction","target":{"@type":"EntryPoint","urlTemplate":"https:\/\/exkalsa.com\/fr\/?s={search_term_string}"},"query-input":{"@type":"PropertyValueSpecification","valueRequired":true,"valueName":"search_term_string"}}],"inLanguage":"fr-FR"}]}},"_links":{"self":[{"href":"https:\/\/exkalsa.com\/fr\/wp-json\/wp\/v2\/connect\/8470","targetHints":{"allow":["GET"]}}],"collection":[{"href":"https:\/\/exkalsa.com\/fr\/wp-json\/wp\/v2\/connect"}],"about":[{"href":"https:\/\/exkalsa.com\/fr\/wp-json\/wp\/v2\/types\/connect"}],"version-history":[{"count":7,"href":"https:\/\/exkalsa.com\/fr\/wp-json\/wp\/v2\/connect\/8470\/revisions"}],"predecessor-version":[{"id":8479,"href":"https:\/\/exkalsa.com\/fr\/wp-json\/wp\/v2\/connect\/8470\/revisions\/8479"}],"wp:featuredmedia":[{"embeddable":true,"href":"https:\/\/exkalsa.com\/fr\/wp-json\/wp\/v2\/media\/8311"}],"wp:attachment":[{"href":"https:\/\/exkalsa.com\/fr\/wp-json\/wp\/v2\/media?parent=8470"}],"wp:term":[{"taxonomy":"categoria_connect","embeddable":true,"href":"https:\/\/exkalsa.com\/fr\/wp-json\/wp\/v2\/categoria_connect?post=8470"}],"curies":[{"name":"wp","href":"https:\/\/api.w.org\/{rel}","templated":true}]}}