{"version":"1.0","provider_name":"Exkal","provider_url":"https:\/\/exkalsa.com\/fr\/","title":"R\u00e9formes au Parlement europ\u00e9en li\u00e9es au F-GAS - Exkal","type":"rich","width":600,"height":338,"html":"<blockquote class=\"wp-embedded-content\" data-secret=\"NQQXFyi9Ur\"><a href=\"https:\/\/exkalsa.com\/fr\/connect\/reformes-au-parlement-europeen-liees-au-f-gas\/\">R\u00e9formes au Parlement europ\u00e9en li\u00e9es au F-GAS<\/a><\/blockquote><iframe sandbox=\"allow-scripts\" security=\"restricted\" src=\"https:\/\/exkalsa.com\/fr\/connect\/reformes-au-parlement-europeen-liees-au-f-gas\/embed\/#?secret=NQQXFyi9Ur\" width=\"600\" height=\"338\" title=\"\u00ab\u00a0R\u00e9formes au Parlement europ\u00e9en li\u00e9es au F-GAS\u00a0\u00bb &#8212; Exkal\" data-secret=\"NQQXFyi9Ur\" frameborder=\"0\" marginwidth=\"0\" marginheight=\"0\" scrolling=\"no\" class=\"wp-embedded-content\"><\/iframe><script>\n\/*! This file is auto-generated *\/\n!function(d,l){\"use strict\";l.querySelector&&d.addEventListener&&\"undefined\"!=typeof URL&&(d.wp=d.wp||{},d.wp.receiveEmbedMessage||(d.wp.receiveEmbedMessage=function(e){var t=e.data;if((t||t.secret||t.message||t.value)&&!\/[^a-zA-Z0-9]\/.test(t.secret)){for(var s,r,n,a=l.querySelectorAll('iframe[data-secret=\"'+t.secret+'\"]'),o=l.querySelectorAll('blockquote[data-secret=\"'+t.secret+'\"]'),c=new RegExp(\"^https?:$\",\"i\"),i=0;i<o.length;i++)o[i].style.display=\"none\";for(i=0;i<a.length;i++)s=a[i],e.source===s.contentWindow&&(s.removeAttribute(\"style\"),\"height\"===t.message?(1e3<(r=parseInt(t.value,10))?r=1e3:~~r<200&&(r=200),s.height=r):\"link\"===t.message&&(r=new URL(s.getAttribute(\"src\")),n=new URL(t.value),c.test(n.protocol))&&n.host===r.host&&l.activeElement===s&&(d.top.location.href=t.value))}},d.addEventListener(\"message\",d.wp.receiveEmbedMessage,!1),l.addEventListener(\"DOMContentLoaded\",function(){for(var e,t,s=l.querySelectorAll(\"iframe.wp-embedded-content\"),r=0;r<s.length;r++)(t=(e=s[r]).getAttribute(\"data-secret\"))||(t=Math.random().toString(36).substring(2,12),e.src+=\"#?secret=\"+t,e.setAttribute(\"data-secret\",t)),e.contentWindow.postMessage({message:\"ready\",secret:t},\"*\")},!1)))}(window,document);\n\/\/# sourceURL=https:\/\/exkalsa.com\/wp-includes\/js\/wp-embed.min.js\n<\/script>\n","thumbnail_url":"https:\/\/exkalsa.com\/wp-content\/uploads\/2023\/08\/F-gas.jpg","thumbnail_width":507,"thumbnail_height":269,"description":"Le 30\u00a0mars dernier, le Parlement europ\u00e9en a approuv\u00e9 des r\u00e9formes majeures concernant la r\u00e9glementation F-Gaz. Les d\u00e9put\u00e9s ont en effet adopt\u00e9 leur position sur la r\u00e9vision de ce texte. En cons\u00e9quence, le secteur de la r\u00e9frig\u00e9ration se retrouve confront\u00e9 \u00e0 un d\u00e9fi sans pr\u00e9c\u00e9dent. La cha\u00eene du froid va devoir op\u00e9rer un changement de strat\u00e9gie [&hellip;]"}